{"id":332044,"date":"2024-01-27T13:44:35","date_gmt":"2024-01-27T13:44:35","guid":{"rendered":"https:\/\/lacasitaeducativa.shop\/?post_type=product&#038;p=332044"},"modified":"2026-01-28T13:50:51","modified_gmt":"2026-01-28T13:50:51","slug":"decoracion-invierno","status":"publish","type":"product","link":"https:\/\/lacasitaeducativa.shop\/index.php\/producto\/decoracion-invierno\/","title":{"rendered":"Decoraci\u00f3n invierno"},"content":{"rendered":"<p style=\"padding-left: 40px;\">Haz que tu aula o espacio de aprendizaje cobre vida con <strong data-start=\"434\" data-end=\"469\">decoraci\u00f3n tem\u00e1tica de invierno<\/strong> dise\u00f1ada especialmente para <strong data-start=\"498\" data-end=\"547\">Educaci\u00f3n Infantil y primer ciclo de primaria<\/strong>. Este recurso imprimible incluye elementos visuales atractivos que ayudan a construir un ambiente acogedor y motivador, ideal para introducir la estaci\u00f3n, reforzar el vocabulario invernal y ambientar cualquier rinc\u00f3n de clase o habitaci\u00f3n.<\/p>\n<h3 data-start=\"831\" data-end=\"864\"><strong data-start=\"838\" data-end=\"864\">Contenido del material<\/strong><\/h3>\n<p data-start=\"865\" data-end=\"1002\">Este pack de <strong data-start=\"878\" data-end=\"904\">decoraci\u00f3n de invierno<\/strong> contiene varios elementos que puedes imprimir y utilizar de forma flexible seg\u00fan tus necesidades:<\/p>\n<ul data-start=\"1004\" data-end=\"1395\">\n<li data-start=\"1004\" data-end=\"1085\">\n<p data-start=\"1006\" data-end=\"1085\"><strong data-start=\"1006\" data-end=\"1049\">Letras que forman la palabra \u201cINVIERNO\u201d<\/strong> decoradas con detalles invernales<\/p>\n<\/li>\n<li data-start=\"1086\" data-end=\"1138\">\n<p data-start=\"1088\" data-end=\"1138\"><strong data-start=\"1088\" data-end=\"1111\">N\u00fameros del 1 al 10<\/strong> con tem\u00e1tica de invierno<\/p>\n<\/li>\n<li data-start=\"1139\" data-end=\"1211\">\n<p data-start=\"1141\" data-end=\"1211\"><strong data-start=\"1141\" data-end=\"1163\">5 mu\u00f1ecos de nieve<\/strong> con vocales para trabajar lenguaje y gr\u00e1ficos<\/p>\n<\/li>\n<li data-start=\"1212\" data-end=\"1270\">\n<p data-start=\"1214\" data-end=\"1270\"><strong data-start=\"1214\" data-end=\"1234\">3 copos de nieve<\/strong> para ambientar paredes y rincones<\/p>\n<\/li>\n<li data-start=\"1271\" data-end=\"1315\">\n<p data-start=\"1273\" data-end=\"1315\"><strong data-start=\"1273\" data-end=\"1313\">2 osos polares (derecha e izquierda)<\/strong><\/p>\n<\/li>\n<li data-start=\"1316\" data-end=\"1395\">\n<p data-start=\"1318\" data-end=\"1395\"><strong data-start=\"1318\" data-end=\"1352\">Animales con tem\u00e1tica invernal<\/strong> para decorar puertas, murales y rincones<\/p>\n<\/li>\n<li data-start=\"1316\" data-end=\"1395\"><strong>1 Ping\u00fcino<\/strong> junto con sus placas de hielo con los d\u00edas de la semana.<\/li>\n<\/ul>\n<hr data-start=\"1397\" data-end=\"1400\" \/>\n<h3 data-start=\"1402\" data-end=\"1425\">\ud83c\udf88 <strong data-start=\"1409\" data-end=\"1425\">Ideas de uso<\/strong><\/h3>\n<p data-start=\"1426\" data-end=\"1456\">Este recurso es perfecto para:<\/p>\n<ul data-start=\"1457\" data-end=\"1766\">\n<li data-start=\"1457\" data-end=\"1520\">\n<p data-start=\"1459\" data-end=\"1520\">Ambientar el aula con tem\u00e1tica de <strong data-start=\"1493\" data-end=\"1518\">invierno y estaciones<\/strong><\/p>\n<\/li>\n<li data-start=\"1521\" data-end=\"1582\">\n<p data-start=\"1523\" data-end=\"1582\">Crear rincones visuales que acompa\u00f1en unidades did\u00e1cticas<\/p>\n<\/li>\n<li data-start=\"1583\" data-end=\"1645\">\n<p data-start=\"1585\" data-end=\"1645\">Decorar puertas, paredes y murales con elementos tem\u00e1ticos<\/p>\n<\/li>\n<li data-start=\"1646\" data-end=\"1705\">\n<p data-start=\"1648\" data-end=\"1705\">Integrar vocabulario de invierno en actividades l\u00fadicas<\/p>\n<\/li>\n<li data-start=\"1706\" data-end=\"1766\">\n<p data-start=\"1708\" data-end=\"1766\">Estimular la creatividad y la participaci\u00f3n de los ni\u00f1os<\/p>\n<\/li>\n<\/ul>\n<p data-start=\"1768\" data-end=\"2067\">Inspirarte para decorar tu entorno educativo puede hacer que el aprendizaje sea m\u00e1s significativo y visual para tus alumnos. Las decoraciones no solo funcionan como adorno, sino como herramientas educativas que complementan otras actividades de estaci\u00f3n del a\u00f1o.<\/p>\n<h3 data-start=\"2271\" data-end=\"2302\"><strong data-start=\"2278\" data-end=\"2302\">Recomendado para:<\/strong><\/h3>\n<ul data-start=\"2104\" data-end=\"2264\">\n<li data-start=\"2104\" data-end=\"2126\">\n<p data-start=\"2106\" data-end=\"2126\">Educaci\u00f3n Infantil<\/p>\n<\/li>\n<li data-start=\"2127\" data-end=\"2152\">\n<p data-start=\"2129\" data-end=\"2152\">1.\u00ba Ciclo de Primaria<\/p>\n<\/li>\n<li data-start=\"2153\" data-end=\"2196\">\n<p data-start=\"2155\" data-end=\"2196\">Docentes que buscan materiales visuales<\/p>\n<\/li>\n<li data-start=\"2197\" data-end=\"2264\">\n<p data-start=\"2199\" data-end=\"2264\">Familias que desean ambientar espacios de juego o lectura en casa<\/p>\n<\/li>\n<\/ul>\n<hr data-start=\"2266\" data-end=\"2269\" \/>\n<h3 data-start=\"2271\" data-end=\"2302\">\ud83d\udcda <strong data-start=\"2278\" data-end=\"2302\">Por qu\u00e9 te encantar\u00e1<\/strong><\/h3>\n<p data-start=\"2303\" data-end=\"2602\">Este pack de <strong data-start=\"2316\" data-end=\"2351\">decoraci\u00f3n tem\u00e1tica de invierno<\/strong> es:<br \/>\n\u2714\ufe0f F\u00e1cil de imprimir y utilizar<br data-start=\"2387\" data-end=\"2390\" \/>\u2714\ufe0f Visualmente atractivo para los ni\u00f1os<br data-start=\"2429\" data-end=\"2432\" \/>\u2714\ufe0f Perfecto para crear entornos ricos en est\u00edmulos<br data-start=\"2482\" data-end=\"2485\" \/>\u2714\ufe0f Compatible con actividades de lenguaje, matem\u00e1ticas y estaciones<br data-start=\"2552\" data-end=\"2555\" \/>\u2714\ufe0f Ideal para aula, rincones, puertas y murales.<\/p>\n<ul>\n<li data-start=\"2303\" data-end=\"2602\">Si quieres ver m\u00e1s materiales relacionados con la estaci\u00f3n del INVIERNO, clica\u00a0<a href=\"https:\/\/lacasitaeducativa.shop\/?s=invierno&amp;post_type=product\" target=\"_blank\" rel=\"noopener\">AQU\u00cd<\/a><\/li>\n<\/ul>\n","protected":false},"excerpt":{"rendered":"<p>Plantillas preciosas con tem\u00e1tica de invierno para decorar el aula o bien la habitaci\u00f3n del peque. \u00bfQu\u00e9 te parecen? \u00bfEchas en falta alg\u00fan detalle m\u00e1s?<\/p>\n<p><script async src=\"https:\/\/pagead2.googlesyndication.com\/pagead\/js\/adsbygoogle.js\"><\/script><br \/>\n<!-- Horizontal-Adaptable --><br \/>\n<ins class=\"adsbygoogle\" style=\"display: block;\" data-ad-client=\"ca-pub-1103545772104863\" data-ad-slot=\"5194289265\" data-ad-format=\"auto\" data-full-width-responsive=\"true\"><\/ins><br \/>\n<script>\n     (adsbygoogle = window.adsbygoogle || []).push({});\n<\/script><\/p>\n","protected":false},"featured_media":332050,"comment_status":"open","ping_status":"closed","template":"","meta":{"site-sidebar-layout":"default","site-content-layout":"","ast-site-content-layout":"default","site-content-style":"default","site-sidebar-style":"default","ast-global-header-display":"","ast-banner-title-visibility":"","ast-main-header-display":"","ast-hfb-above-header-display":"","ast-hfb-below-header-display":"","ast-hfb-mobile-header-display":"","site-post-title":"","ast-breadcrumbs-content":"","ast-featured-img":"","footer-sml-layout":"","ast-disable-related-posts":"","theme-transparent-header-meta":"default","adv-header-id-meta":"","stick-header-meta":"","header-above-stick-meta":"","header-main-stick-meta":"","header-below-stick-meta":"","astra-migrate-meta-layouts":"set","ast-page-background-enabled":"default","ast-page-background-meta":{"desktop":{"background-color":"","background-image":"","background-repeat":"repeat","background-position":"center center","background-size":"auto","background-attachment":"scroll","background-type":"","background-media":"","overlay-type":"","overlay-color":"","overlay-opacity":"","overlay-gradient":""},"tablet":{"background-color":"","background-image":"","background-repeat":"repeat","background-position":"center center","background-size":"auto","background-attachment":"scroll","background-type":"","background-media":"","overlay-type":"","overlay-color":"","overlay-opacity":"","overlay-gradient":""},"mobile":{"background-color":"","background-image":"","background-repeat":"repeat","background-position":"center center","background-size":"auto","background-attachment":"scroll","background-type":"","background-media":"","overlay-type":"","overlay-color":"","overlay-opacity":"","overlay-gradient":""}},"ast-content-background-meta":{"desktop":{"background-color":"var(--ast-global-color-5)","background-image":"","background-repeat":"repeat","background-position":"center center","background-size":"auto","background-attachment":"scroll","background-type":"","background-media":"","overlay-type":"","overlay-color":"","overlay-opacity":"","overlay-gradient":""},"tablet":{"background-color":"var(--ast-global-color-5)","background-image":"","background-repeat":"repeat","background-position":"center center","background-size":"auto","background-attachment":"scroll","background-type":"","background-media":"","overlay-type":"","overlay-color":"","overlay-opacity":"","overlay-gradient":""},"mobile":{"background-color":"var(--ast-global-color-5)","background-image":"","background-repeat":"repeat","background-position":"center center","background-size":"auto","background-attachment":"scroll","background-type":"","background-media":"","overlay-type":"","overlay-color":"","overlay-opacity":"","overlay-gradient":""}}},"product_brand":[],"product_cat":[745],"product_tag":[385,616,208],"class_list":{"0":"post-332044","1":"product","2":"type-product","3":"status-publish","4":"has-post-thumbnail","6":"product_cat-muneco-de-nieve","7":"product_tag-asamblea","8":"product_tag-decoracion-aula","9":"product_tag-invierno","10":"desktop-align-left","11":"tablet-align-left","12":"mobile-align-left","14":"first","15":"instock","16":"downloadable","17":"virtual","18":"taxable","19":"purchasable","20":"product-type-simple"},"yoast_head":"<!-- This site is optimized with the Yoast SEO plugin v26.8 - https:\/\/yoast.com\/product\/yoast-seo-wordpress\/ -->\n<title>Decoraci\u00f3n invierno - La Casita Educativa<\/title>\n<meta name=\"description\" content=\"Plantillas preciosas con tem\u00e1tica de invierno para decorar el aula o bien la habitaci\u00f3n del peque. Geniales para la etapa de infantil.\" \/>\n<meta name=\"robots\" content=\"index, follow, max-snippet:-1, max-image-preview:large, max-video-preview:-1\" \/>\n<link rel=\"canonical\" href=\"https:\/\/lacasitaeducativa.shop\/index.php\/producto\/decoracion-invierno\/\" \/>\n<meta property=\"og:locale\" content=\"es_ES\" \/>\n<meta property=\"og:type\" content=\"article\" \/>\n<meta property=\"og:title\" content=\"Decoraci\u00f3n invierno - La Casita Educativa\" \/>\n<meta property=\"og:description\" content=\"Plantillas preciosas con tem\u00e1tica de invierno para decorar el aula o bien la habitaci\u00f3n del peque. Geniales para la etapa de infantil.\" \/>\n<meta property=\"og:url\" content=\"https:\/\/lacasitaeducativa.shop\/index.php\/producto\/decoracion-invierno\/\" \/>\n<meta property=\"og:site_name\" content=\"La Casita Educativa\" \/>\n<meta property=\"article:modified_time\" content=\"2026-01-28T13:50:51+00:00\" \/>\n<meta property=\"og:image\" content=\"https:\/\/lacasitaeducativa.shop\/wp-content\/uploads\/2024\/01\/1-3.jpg\" \/>\n\t<meta property=\"og:image:width\" content=\"1080\" \/>\n\t<meta property=\"og:image:height\" content=\"1080\" \/>\n\t<meta property=\"og:image:type\" content=\"image\/jpeg\" \/>\n<meta name=\"twitter:card\" content=\"summary_large_image\" \/>\n<meta name=\"twitter:label1\" content=\"Tiempo de lectura\" \/>\n\t<meta name=\"twitter:data1\" content=\"2 minutos\" \/>\n<script type=\"application\/ld+json\" class=\"yoast-schema-graph\">{\"@context\":\"https:\/\/schema.org\",\"@graph\":[{\"@type\":\"WebPage\",\"@id\":\"https:\/\/lacasitaeducativa.shop\/index.php\/producto\/decoracion-invierno\/\",\"url\":\"https:\/\/lacasitaeducativa.shop\/index.php\/producto\/decoracion-invierno\/\",\"name\":\"Decoraci\u00f3n invierno - La Casita Educativa\",\"isPartOf\":{\"@id\":\"https:\/\/lacasitaeducativa.shop\/#website\"},\"primaryImageOfPage\":{\"@id\":\"https:\/\/lacasitaeducativa.shop\/index.php\/producto\/decoracion-invierno\/#primaryimage\"},\"image\":{\"@id\":\"https:\/\/lacasitaeducativa.shop\/index.php\/producto\/decoracion-invierno\/#primaryimage\"},\"thumbnailUrl\":\"https:\/\/lacasitaeducativa.shop\/wp-content\/uploads\/2024\/01\/1-3.jpg\",\"datePublished\":\"2024-01-27T13:44:35+00:00\",\"dateModified\":\"2026-01-28T13:50:51+00:00\",\"description\":\"Plantillas preciosas con tem\u00e1tica de invierno para decorar el aula o bien la habitaci\u00f3n del peque. Geniales para la etapa de infantil.\",\"breadcrumb\":{\"@id\":\"https:\/\/lacasitaeducativa.shop\/index.php\/producto\/decoracion-invierno\/#breadcrumb\"},\"inLanguage\":\"es\",\"potentialAction\":[{\"@type\":\"ReadAction\",\"target\":[\"https:\/\/lacasitaeducativa.shop\/index.php\/producto\/decoracion-invierno\/\"]}]},{\"@type\":\"ImageObject\",\"inLanguage\":\"es\",\"@id\":\"https:\/\/lacasitaeducativa.shop\/index.php\/producto\/decoracion-invierno\/#primaryimage\",\"url\":\"https:\/\/lacasitaeducativa.shop\/wp-content\/uploads\/2024\/01\/1-3.jpg\",\"contentUrl\":\"https:\/\/lacasitaeducativa.shop\/wp-content\/uploads\/2024\/01\/1-3.jpg\",\"width\":1080,\"height\":1080,\"caption\":\"Asamblea invierno\"},{\"@type\":\"BreadcrumbList\",\"@id\":\"https:\/\/lacasitaeducativa.shop\/index.php\/producto\/decoracion-invierno\/#breadcrumb\",\"itemListElement\":[{\"@type\":\"ListItem\",\"position\":1,\"name\":\"Portada\",\"item\":\"https:\/\/lacasitaeducativa.shop\/\"},{\"@type\":\"ListItem\",\"position\":2,\"name\":\"Recursos\",\"item\":\"https:\/\/lacasitaeducativa.shop\/index.php\/tienda\/\"},{\"@type\":\"ListItem\",\"position\":3,\"name\":\"Decoraci\u00f3n invierno\"}]},{\"@type\":\"WebSite\",\"@id\":\"https:\/\/lacasitaeducativa.shop\/#website\",\"url\":\"https:\/\/lacasitaeducativa.shop\/\",\"name\":\"La Casita Educativa\",\"description\":\"En esta casita encontrar\u00e9is todo tipo de recursos educativos infantiles, desde manualidades hasta actividades, juegos, cuentos, idiomas, adivinanzas y otros.\",\"publisher\":{\"@id\":\"https:\/\/lacasitaeducativa.shop\/#organization\"},\"potentialAction\":[{\"@type\":\"SearchAction\",\"target\":{\"@type\":\"EntryPoint\",\"urlTemplate\":\"https:\/\/lacasitaeducativa.shop\/?s={search_term_string}\"},\"query-input\":{\"@type\":\"PropertyValueSpecification\",\"valueRequired\":true,\"valueName\":\"search_term_string\"}}],\"inLanguage\":\"es\"},{\"@type\":\"Organization\",\"@id\":\"https:\/\/lacasitaeducativa.shop\/#organization\",\"name\":\"La Casita Educativa - LACASITAEDUCATIVA.SHOP\",\"url\":\"https:\/\/lacasitaeducativa.shop\/\",\"logo\":{\"@type\":\"ImageObject\",\"inLanguage\":\"es\",\"@id\":\"https:\/\/lacasitaeducativa.shop\/#\/schema\/logo\/image\/\",\"url\":\"https:\/\/lacasitaeducativa.shop\/wp-content\/uploads\/2020\/08\/Logos-la-casita-educativa-2-1.png\",\"contentUrl\":\"https:\/\/lacasitaeducativa.shop\/wp-content\/uploads\/2020\/08\/Logos-la-casita-educativa-2-1.png\",\"width\":500,\"height\":500,\"caption\":\"La Casita Educativa - LACASITAEDUCATIVA.SHOP\"},\"image\":{\"@id\":\"https:\/\/lacasitaeducativa.shop\/#\/schema\/logo\/image\/\"}}]}<\/script>\n<!-- \/ Yoast SEO plugin. -->","yoast_head_json":{"title":"Decoraci\u00f3n invierno - La Casita Educativa","description":"Plantillas preciosas con tem\u00e1tica de invierno para decorar el aula o bien la habitaci\u00f3n del peque. Geniales para la etapa de infantil.","robots":{"index":"index","follow":"follow","max-snippet":"max-snippet:-1","max-image-preview":"max-image-preview:large","max-video-preview":"max-video-preview:-1"},"canonical":"https:\/\/lacasitaeducativa.shop\/index.php\/producto\/decoracion-invierno\/","og_locale":"es_ES","og_type":"article","og_title":"Decoraci\u00f3n invierno - La Casita Educativa","og_description":"Plantillas preciosas con tem\u00e1tica de invierno para decorar el aula o bien la habitaci\u00f3n del peque. Geniales para la etapa de infantil.","og_url":"https:\/\/lacasitaeducativa.shop\/index.php\/producto\/decoracion-invierno\/","og_site_name":"La Casita Educativa","article_modified_time":"2026-01-28T13:50:51+00:00","og_image":[{"width":1080,"height":1080,"url":"https:\/\/lacasitaeducativa.shop\/wp-content\/uploads\/2024\/01\/1-3.jpg","type":"image\/jpeg"}],"twitter_card":"summary_large_image","twitter_misc":{"Tiempo de lectura":"2 minutos"},"schema":{"@context":"https:\/\/schema.org","@graph":[{"@type":"WebPage","@id":"https:\/\/lacasitaeducativa.shop\/index.php\/producto\/decoracion-invierno\/","url":"https:\/\/lacasitaeducativa.shop\/index.php\/producto\/decoracion-invierno\/","name":"Decoraci\u00f3n invierno - La Casita Educativa","isPartOf":{"@id":"https:\/\/lacasitaeducativa.shop\/#website"},"primaryImageOfPage":{"@id":"https:\/\/lacasitaeducativa.shop\/index.php\/producto\/decoracion-invierno\/#primaryimage"},"image":{"@id":"https:\/\/lacasitaeducativa.shop\/index.php\/producto\/decoracion-invierno\/#primaryimage"},"thumbnailUrl":"https:\/\/lacasitaeducativa.shop\/wp-content\/uploads\/2024\/01\/1-3.jpg","datePublished":"2024-01-27T13:44:35+00:00","dateModified":"2026-01-28T13:50:51+00:00","description":"Plantillas preciosas con tem\u00e1tica de invierno para decorar el aula o bien la habitaci\u00f3n del peque. Geniales para la etapa de infantil.","breadcrumb":{"@id":"https:\/\/lacasitaeducativa.shop\/index.php\/producto\/decoracion-invierno\/#breadcrumb"},"inLanguage":"es","potentialAction":[{"@type":"ReadAction","target":["https:\/\/lacasitaeducativa.shop\/index.php\/producto\/decoracion-invierno\/"]}]},{"@type":"ImageObject","inLanguage":"es","@id":"https:\/\/lacasitaeducativa.shop\/index.php\/producto\/decoracion-invierno\/#primaryimage","url":"https:\/\/lacasitaeducativa.shop\/wp-content\/uploads\/2024\/01\/1-3.jpg","contentUrl":"https:\/\/lacasitaeducativa.shop\/wp-content\/uploads\/2024\/01\/1-3.jpg","width":1080,"height":1080,"caption":"Asamblea invierno"},{"@type":"BreadcrumbList","@id":"https:\/\/lacasitaeducativa.shop\/index.php\/producto\/decoracion-invierno\/#breadcrumb","itemListElement":[{"@type":"ListItem","position":1,"name":"Portada","item":"https:\/\/lacasitaeducativa.shop\/"},{"@type":"ListItem","position":2,"name":"Recursos","item":"https:\/\/lacasitaeducativa.shop\/index.php\/tienda\/"},{"@type":"ListItem","position":3,"name":"Decoraci\u00f3n invierno"}]},{"@type":"WebSite","@id":"https:\/\/lacasitaeducativa.shop\/#website","url":"https:\/\/lacasitaeducativa.shop\/","name":"La Casita Educativa","description":"En esta casita encontrar\u00e9is todo tipo de recursos educativos infantiles, desde manualidades hasta actividades, juegos, cuentos, idiomas, adivinanzas y otros.","publisher":{"@id":"https:\/\/lacasitaeducativa.shop\/#organization"},"potentialAction":[{"@type":"SearchAction","target":{"@type":"EntryPoint","urlTemplate":"https:\/\/lacasitaeducativa.shop\/?s={search_term_string}"},"query-input":{"@type":"PropertyValueSpecification","valueRequired":true,"valueName":"search_term_string"}}],"inLanguage":"es"},{"@type":"Organization","@id":"https:\/\/lacasitaeducativa.shop\/#organization","name":"La Casita Educativa - LACASITAEDUCATIVA.SHOP","url":"https:\/\/lacasitaeducativa.shop\/","logo":{"@type":"ImageObject","inLanguage":"es","@id":"https:\/\/lacasitaeducativa.shop\/#\/schema\/logo\/image\/","url":"https:\/\/lacasitaeducativa.shop\/wp-content\/uploads\/2020\/08\/Logos-la-casita-educativa-2-1.png","contentUrl":"https:\/\/lacasitaeducativa.shop\/wp-content\/uploads\/2020\/08\/Logos-la-casita-educativa-2-1.png","width":500,"height":500,"caption":"La Casita Educativa - LACASITAEDUCATIVA.SHOP"},"image":{"@id":"https:\/\/lacasitaeducativa.shop\/#\/schema\/logo\/image\/"}}]}},"_links":{"self":[{"href":"https:\/\/lacasitaeducativa.shop\/index.php\/wp-json\/wp\/v2\/product\/332044","targetHints":{"allow":["GET"]}}],"collection":[{"href":"https:\/\/lacasitaeducativa.shop\/index.php\/wp-json\/wp\/v2\/product"}],"about":[{"href":"https:\/\/lacasitaeducativa.shop\/index.php\/wp-json\/wp\/v2\/types\/product"}],"replies":[{"embeddable":true,"href":"https:\/\/lacasitaeducativa.shop\/index.php\/wp-json\/wp\/v2\/comments?post=332044"}],"wp:featuredmedia":[{"embeddable":true,"href":"https:\/\/lacasitaeducativa.shop\/index.php\/wp-json\/wp\/v2\/media\/332050"}],"wp:attachment":[{"href":"https:\/\/lacasitaeducativa.shop\/index.php\/wp-json\/wp\/v2\/media?parent=332044"}],"wp:term":[{"taxonomy":"product_brand","embeddable":true,"href":"https:\/\/lacasitaeducativa.shop\/index.php\/wp-json\/wp\/v2\/product_brand?post=332044"},{"taxonomy":"product_cat","embeddable":true,"href":"https:\/\/lacasitaeducativa.shop\/index.php\/wp-json\/wp\/v2\/product_cat?post=332044"},{"taxonomy":"product_tag","embeddable":true,"href":"https:\/\/lacasitaeducativa.shop\/index.php\/wp-json\/wp\/v2\/product_tag?post=332044"}],"curies":[{"name":"wp","href":"https:\/\/api.w.org\/{rel}","templated":true}]}}